{"id":3082,"date":"2019-09-06T08:59:43","date_gmt":"2019-09-06T06:59:43","guid":{"rendered":"https:\/\/mo-di-tec.33degres.fr\/historique-de-la-societe-2\/"},"modified":"2024-02-21T15:14:51","modified_gmt":"2024-02-21T14:14:51","slug":"la-historia-de-la-empresa-2","status":"publish","type":"page","link":"https:\/\/mo-di-tec.fr\/es\/la-historia-de-la-empresa-2\/","title":{"rendered":"La historia de la empresa"},"content":{"rendered":"\n<p>La historia\n        \ncomienza en 1981, cuando Richard Diaz, gracias a su\n        \nconocimiento t\u00e9cnico en la industria del pl\u00e1stico, abre su\n        \noficina comercial Moditec en Bron, en el R\u00f3dano, en la propia\n        \ncasa familiar.\n        <\/p>\n\n<p>Cuatro a\u00f1os m\u00e1s tarde, la empresa inicia una nueva etapa dentro de su actividad con la creaci\u00f3n de una primera trituradora de baja velocidad (25 r. p. m.), es el inicio de la l\u00ednea GOLIATH.\n         La empresa evoluciona y se transforma en una sociedad de responsabilidad limitada (SRL): Moditec Manipulation Plastique.\n         <\/p>\n\n<p>Esta nueva generaci\u00f3n de trituradoras garantiza una calidad perfecta de granulados, pr\u00e1cticamente sin polvo y con poco desgaste.\n         Por otro lado, la tecnolog\u00eda de baja velocidad torna el reciclado m\u00e1s silencioso, requiere menos energ\u00eda y es adecuada para triturar pl\u00e1sticos duros y materiales t\u00e9cnicos directamente en la base de la prensa.\n        <\/p>\n\n<p>Posteriormente,\n        \nel director se asocia con Gilles Dutour por su perfil\n        \ncomercial, para embarcarse en el desarrollo de las exportaciones.\n         \nA su vez, la empresa propone una l\u00ednea de trituradoras\n        \nconvencionales (trituradoras con cuchillas BM) para ampliar la oferta.\n        <\/p>\n\n<p>\nLuego de establecerse\n        \nen sus nuevas instalaciones de Marennes, Moditec se distingue de la\n        \ncompetencia al proponer, adem\u00e1s de una amplia gama de trituradoras,\n        \nun sistema innovador: la doble abertura de la c\u00e1mara de\n        \ncorte de las trituradoras.\n         Es una ventaja innegable que facilita la\n        \nlimpieza, la conservaci\u00f3n y el mantenimiento de las trituradoras.\n        <\/p>\n\n<p>Luego,\n        \nen el marco de su etapa de crecimiento, Moditec propone un sistema\n        \npatentado, Masher, destinado\n        \nal triturado de piezas pl\u00e1sticas de gran volumen.\n        <\/p>\n\n<div style=\"height:20px\" aria-hidden=\"true\" class=\"wp-block-spacer\"><\/div>\n\n<div class=\"wp-block-columns has-2-columns is-layout-flex wp-container-core-columns-is-layout-9d6595d7 wp-block-columns-is-layout-flex\">\n<div class=\"wp-block-column is-layout-flow wp-block-column-is-layout-flow\">\n<div style=\"height:20px\" aria-hidden=\"true\" class=\"wp-block-spacer\"><\/div>\n\n\n\n<div class=\"wp-block-image\"><figure class=\"aligncenter\"><img loading=\"lazy\" decoding=\"async\" width=\"238\" height=\"240\" src=\"https:\/\/mo-di-tec.fr\/wp-content\/uploads\/2019\/03\/produit-2.jpg\" alt=\"\" class=\"wp-image-53\" srcset=\"https:\/\/mo-di-tec.fr\/wp-content\/uploads\/2019\/03\/produit-2.jpg 238w, https:\/\/mo-di-tec.fr\/wp-content\/uploads\/2019\/03\/produit-2-150x150.jpg 150w\" sizes=\"auto, (max-width: 238px) 100vw, 238px\" \/><\/figure><\/div>\n\n\n\n<p><\/p>\n<\/div>\n\n\n\n<div class=\"wp-block-column is-layout-flow wp-block-column-is-layout-flow\">\n<p> Otra innovaci\u00f3n patentada mundialmente le permitir\u00eda a la empresa distinguirse una vez m\u00e1s: el sistema IMD (Integrated Metal Detection).\n         Este concepto \u00fanico permite evitar da\u00f1os ante la ca\u00edda de una pieza met\u00e1lica (material ferroso o no ferroso) en la c\u00e1mara de corte.\n         Tan pronto como se detecta una pieza, el rotor de la trituradora se detiene casi de inmediato.\n         Los beneficios son innegables: la trituradora queda protegida, el material se preserva de cualquier contaminaci\u00f3n y el proceso de inyecci\u00f3n se optimiza.\n         <\/p>\n<\/div>\n<\/div>\n\n<p>De este modo,\n        \nal evitar una parada prolongada de la m\u00e1quina y costes de\n        \nreparaci\u00f3n significativos, la productividad se mantiene.\n        <\/p>\n\n<p>Mo-di-tec\n        \ndesarrolla, dise\u00f1a y produce para una red de aproximadamente 600\n        \nclientes y abarca numerosos sectores de actividad, como productores\n        \nde equipos del sector automotriz o las industrias\n        \nelectr\u00f3nica y de electrodom\u00e9sticos, o aun la industria\n        \nfarmac\u00e9utica.\n        <\/p>\n\n<p>36 distribuidores representan a la marca en todo el mundo.\n        <\/p>\n","protected":false},"excerpt":{"rendered":"<p>La historia comienza en 1981, cuando Richard Diaz, gracias a su conocimiento t\u00e9cnico en la [&hellip;]<\/p>\n","protected":false},"author":2,"featured_media":0,"parent":0,"menu_order":0,"comment_status":"closed","ping_status":"closed","template":"","meta":{"footnotes":""},"class_list":["post-3082","page","type-page","status-publish","hentry"],"yoast_head":"<!-- This site is optimized with the Yoast SEO plugin v27.5 - https:\/\/yoast.com\/product\/yoast-seo-wordpress\/ -->\n<title>La historia de la empresa - Moditec<\/title>\n<meta name=\"robots\" content=\"index, follow, max-snippet:-1, max-image-preview:large, max-video-preview:-1\" \/>\n<link rel=\"canonical\" href=\"https:\/\/mo-di-tec.fr\/es\/la-historia-de-la-empresa-2\/\" \/>\n<meta property=\"og:locale\" content=\"es_ES\" \/>\n<meta property=\"og:type\" content=\"article\" \/>\n<meta property=\"og:title\" content=\"La historia de la empresa - Moditec\" \/>\n<meta property=\"og:description\" content=\"La historia comienza en 1981, cuando Richard Diaz, gracias a su conocimiento t\u00e9cnico en la [&hellip;]\" \/>\n<meta property=\"og:url\" content=\"https:\/\/mo-di-tec.fr\/es\/la-historia-de-la-empresa-2\/\" \/>\n<meta property=\"og:site_name\" content=\"Moditec\" \/>\n<meta property=\"article:modified_time\" content=\"2024-02-21T14:14:51+00:00\" \/>\n<meta property=\"og:image\" content=\"https:\/\/quirky-cannon.51-159-23-76.plesk.page\/wp-content\/uploads\/2019\/03\/produit-2.jpg\" \/>\n<meta name=\"twitter:card\" content=\"summary_large_image\" \/>\n<meta name=\"twitter:label1\" content=\"Tiempo de lectura\" \/>\n\t<meta name=\"twitter:data1\" content=\"2 minutos\" \/>\n<script type=\"application\/ld+json\" class=\"yoast-schema-graph\">{\"@context\":\"https:\\\/\\\/schema.org\",\"@graph\":[{\"@type\":\"WebPage\",\"@id\":\"https:\\\/\\\/mo-di-tec.fr\\\/es\\\/la-historia-de-la-empresa-2\\\/\",\"url\":\"https:\\\/\\\/mo-di-tec.fr\\\/es\\\/la-historia-de-la-empresa-2\\\/\",\"name\":\"La historia de la empresa - Moditec\",\"isPartOf\":{\"@id\":\"https:\\\/\\\/mo-di-tec.fr\\\/es\\\/#website\"},\"primaryImageOfPage\":{\"@id\":\"https:\\\/\\\/mo-di-tec.fr\\\/es\\\/la-historia-de-la-empresa-2\\\/#primaryimage\"},\"image\":{\"@id\":\"https:\\\/\\\/mo-di-tec.fr\\\/es\\\/la-historia-de-la-empresa-2\\\/#primaryimage\"},\"thumbnailUrl\":\"https:\\\/\\\/mo-di-tec.fr\\\/wp-content\\\/uploads\\\/2019\\\/03\\\/produit-2.jpg\",\"datePublished\":\"2019-09-06T06:59:43+00:00\",\"dateModified\":\"2024-02-21T14:14:51+00:00\",\"breadcrumb\":{\"@id\":\"https:\\\/\\\/mo-di-tec.fr\\\/es\\\/la-historia-de-la-empresa-2\\\/#breadcrumb\"},\"inLanguage\":\"es\",\"potentialAction\":[{\"@type\":\"ReadAction\",\"target\":[\"https:\\\/\\\/mo-di-tec.fr\\\/es\\\/la-historia-de-la-empresa-2\\\/\"]}]},{\"@type\":\"ImageObject\",\"inLanguage\":\"es\",\"@id\":\"https:\\\/\\\/mo-di-tec.fr\\\/es\\\/la-historia-de-la-empresa-2\\\/#primaryimage\",\"url\":\"https:\\\/\\\/mo-di-tec.fr\\\/wp-content\\\/uploads\\\/2019\\\/03\\\/produit-2.jpg\",\"contentUrl\":\"https:\\\/\\\/mo-di-tec.fr\\\/wp-content\\\/uploads\\\/2019\\\/03\\\/produit-2.jpg\"},{\"@type\":\"BreadcrumbList\",\"@id\":\"https:\\\/\\\/mo-di-tec.fr\\\/es\\\/la-historia-de-la-empresa-2\\\/#breadcrumb\",\"itemListElement\":[{\"@type\":\"ListItem\",\"position\":1,\"name\":\"Inicio\",\"item\":\"https:\\\/\\\/mo-di-tec.fr\\\/es\\\/\"},{\"@type\":\"ListItem\",\"position\":2,\"name\":\"La historia de la empresa\"}]},{\"@type\":\"WebSite\",\"@id\":\"https:\\\/\\\/mo-di-tec.fr\\\/es\\\/#website\",\"url\":\"https:\\\/\\\/mo-di-tec.fr\\\/es\\\/\",\"name\":\"Moditec\",\"description\":\"El especialista en trituradoras de baja velocidad\",\"potentialAction\":[{\"@type\":\"SearchAction\",\"target\":{\"@type\":\"EntryPoint\",\"urlTemplate\":\"https:\\\/\\\/mo-di-tec.fr\\\/es\\\/?s={search_term_string}\"},\"query-input\":{\"@type\":\"PropertyValueSpecification\",\"valueRequired\":true,\"valueName\":\"search_term_string\"}}],\"inLanguage\":\"es\"}]}<\/script>\n<!-- \/ Yoast SEO plugin. -->","yoast_head_json":{"title":"La historia de la empresa - Moditec","robots":{"index":"index","follow":"follow","max-snippet":"max-snippet:-1","max-image-preview":"max-image-preview:large","max-video-preview":"max-video-preview:-1"},"canonical":"https:\/\/mo-di-tec.fr\/es\/la-historia-de-la-empresa-2\/","og_locale":"es_ES","og_type":"article","og_title":"La historia de la empresa - Moditec","og_description":"La historia comienza en 1981, cuando Richard Diaz, gracias a su conocimiento t\u00e9cnico en la [&hellip;]","og_url":"https:\/\/mo-di-tec.fr\/es\/la-historia-de-la-empresa-2\/","og_site_name":"Moditec","article_modified_time":"2024-02-21T14:14:51+00:00","og_image":[{"url":"https:\/\/quirky-cannon.51-159-23-76.plesk.page\/wp-content\/uploads\/2019\/03\/produit-2.jpg","type":"","width":"","height":""}],"twitter_card":"summary_large_image","twitter_misc":{"Tiempo de lectura":"2 minutos"},"schema":{"@context":"https:\/\/schema.org","@graph":[{"@type":"WebPage","@id":"https:\/\/mo-di-tec.fr\/es\/la-historia-de-la-empresa-2\/","url":"https:\/\/mo-di-tec.fr\/es\/la-historia-de-la-empresa-2\/","name":"La historia de la empresa - Moditec","isPartOf":{"@id":"https:\/\/mo-di-tec.fr\/es\/#website"},"primaryImageOfPage":{"@id":"https:\/\/mo-di-tec.fr\/es\/la-historia-de-la-empresa-2\/#primaryimage"},"image":{"@id":"https:\/\/mo-di-tec.fr\/es\/la-historia-de-la-empresa-2\/#primaryimage"},"thumbnailUrl":"https:\/\/mo-di-tec.fr\/wp-content\/uploads\/2019\/03\/produit-2.jpg","datePublished":"2019-09-06T06:59:43+00:00","dateModified":"2024-02-21T14:14:51+00:00","breadcrumb":{"@id":"https:\/\/mo-di-tec.fr\/es\/la-historia-de-la-empresa-2\/#breadcrumb"},"inLanguage":"es","potentialAction":[{"@type":"ReadAction","target":["https:\/\/mo-di-tec.fr\/es\/la-historia-de-la-empresa-2\/"]}]},{"@type":"ImageObject","inLanguage":"es","@id":"https:\/\/mo-di-tec.fr\/es\/la-historia-de-la-empresa-2\/#primaryimage","url":"https:\/\/mo-di-tec.fr\/wp-content\/uploads\/2019\/03\/produit-2.jpg","contentUrl":"https:\/\/mo-di-tec.fr\/wp-content\/uploads\/2019\/03\/produit-2.jpg"},{"@type":"BreadcrumbList","@id":"https:\/\/mo-di-tec.fr\/es\/la-historia-de-la-empresa-2\/#breadcrumb","itemListElement":[{"@type":"ListItem","position":1,"name":"Inicio","item":"https:\/\/mo-di-tec.fr\/es\/"},{"@type":"ListItem","position":2,"name":"La historia de la empresa"}]},{"@type":"WebSite","@id":"https:\/\/mo-di-tec.fr\/es\/#website","url":"https:\/\/mo-di-tec.fr\/es\/","name":"Moditec","description":"El especialista en trituradoras de baja velocidad","potentialAction":[{"@type":"SearchAction","target":{"@type":"EntryPoint","urlTemplate":"https:\/\/mo-di-tec.fr\/es\/?s={search_term_string}"},"query-input":{"@type":"PropertyValueSpecification","valueRequired":true,"valueName":"search_term_string"}}],"inLanguage":"es"}]}},"_links":{"self":[{"href":"https:\/\/mo-di-tec.fr\/es\/wp-json\/wp\/v2\/pages\/3082","targetHints":{"allow":["GET"]}}],"collection":[{"href":"https:\/\/mo-di-tec.fr\/es\/wp-json\/wp\/v2\/pages"}],"about":[{"href":"https:\/\/mo-di-tec.fr\/es\/wp-json\/wp\/v2\/types\/page"}],"author":[{"embeddable":true,"href":"https:\/\/mo-di-tec.fr\/es\/wp-json\/wp\/v2\/users\/2"}],"replies":[{"embeddable":true,"href":"https:\/\/mo-di-tec.fr\/es\/wp-json\/wp\/v2\/comments?post=3082"}],"version-history":[{"count":2,"href":"https:\/\/mo-di-tec.fr\/es\/wp-json\/wp\/v2\/pages\/3082\/revisions"}],"predecessor-version":[{"id":3476,"href":"https:\/\/mo-di-tec.fr\/es\/wp-json\/wp\/v2\/pages\/3082\/revisions\/3476"}],"wp:attachment":[{"href":"https:\/\/mo-di-tec.fr\/es\/wp-json\/wp\/v2\/media?parent=3082"}],"curies":[{"name":"wp","href":"https:\/\/api.w.org\/{rel}","templated":true}]}}